{"id":2126,"date":"2018-03-14T19:07:39","date_gmt":"2018-03-14T19:07:39","guid":{"rendered":"http:\/\/www.encantando.es\/?page_id=2126"},"modified":"2018-10-20T08:54:13","modified_gmt":"2018-10-20T08:54:13","slug":"presentacion-heptameron","status":"publish","type":"page","link":"http:\/\/coraldecamaradenavarra.com\/?page_id=2126&lang=es","title":{"rendered":"Presentaci\u00f3n"},"content":{"rendered":"<div class=\"vc_row wpb_row vc_row-fluid\"><div class=\"nocontainer\"><div class=\"wpb_column vc_column_container vc_col-sm-4\"><div class=\"wpb_wrapper\">\n\t<div class=\"wpb_text_column wpb_content_element \">\n\t\t<div class=\"wpb_wrapper\">\n\t\t\t<h1><span style=\"color: #ff0000;\">Este grupo nace con vocaci\u00f3n feminista y reivindicativa del papel de la mujer dentro de la m\u00fasica como compositora e int\u00e9rprete principalmente, pero no s\u00f3lo, y de la cultura general y la cultura navarra en particular.<\/span><\/h1>\n\n\t\t<\/div> \n\t<\/div> <\/div><\/div><div class=\"wpb_column vc_column_container vc_col-sm-4\"><div class=\"wpb_wrapper\">\n\t<div class=\"wpb_text_column wpb_content_element \">\n\t\t<div class=\"wpb_wrapper\">\n\t\t\t<p>El Coro de voces iguales femeninas Heptamer\u00f3n nace en noviembre de 2017 con vocaci\u00f3n feminista y reivindicativa del papel de la mujer dentro de la m\u00fasica como compositora e int\u00e9rprete principalmente, pero no s\u00f3lo, y de la cultura general y la cultura navarra en particular.<\/p>\n<p>El nombre elegido se revela id\u00f3neo a este respecto. Heptamer\u00f3n es la obra literaria cumbre de la Reina Margarita de Navarra. Interesant\u00edsimo personaje hist\u00f3rico por sus reivindicaciones pol\u00edticas sobre el reci\u00e9n conquistado Reino de Navarra, sobre el que ten\u00eda derechos como viuda de Enrique II el Sang\u00fcesino y su aportaci\u00f3n a la lucha por el reconocimiento de la mujer, a la creaci\u00f3n literaria en el m\u00e1s puro ambiente humanista del momento y al mecenazgo y amparo de un ambiente culto y distinguido en su reino que inspir\u00f3 a Shakespeare para su comedia \u201cTrabajos de amor perdidos\u201d donde aparece la famosa frase \u201cNavarra maravillar\u00e1 al mundo\u201d.<\/p>\n\n\t\t<\/div> \n\t<\/div> <\/div><\/div><div class=\"wpb_column vc_column_container vc_col-sm-4\"><div class=\"wpb_wrapper\">\n\t<div class=\"wpb_text_column wpb_content_element \">\n\t\t<div class=\"wpb_wrapper\">\n\t\t\t<p class=\"p1\">El deb\u00fat de Heptamer\u00f3n tuvo lugar en Auditorio Baluarte de Pamplona en noviembre de 2017 con David Guindano como director. El programa; \u00abJokuak\u00bb fue un homenaje monogr\u00e1fico de la obra de Lorenzo Ondarra. En su segundo programa \u00abEine romantische landschaft\u00bb, que tuvo lugar el 8 de marzo de 2018 en Auditorio Bara\u00f1ain cont\u00f3 con Beatriz Aguirre como directora. En dicho programa, un repaso por tres de las principales compositoras del romanticismo alem\u00e1n, Heptamer\u00f3n cont\u00f3 con la participaci\u00f3n de la soprano solista Amaia Azcona y la pianista Leyre Lisarri.<\/p>\n\n\t\t<\/div> \n\t<\/div> <\/div><\/div><\/div><\/div>\n","protected":false},"excerpt":{"rendered":"Este grupo nace con vocaci\u00f3n feminista y reivindicativa del papel de la mujer dentro de la m\u00fasica como compositora e int\u00e9rprete principalmente, pero no s\u00f3lo, y de la cultura general y la cultura navarra en particular. El Coro de voces iguales femeninas Heptamer\u00f3n nace en noviembre de 2017 con vocaci\u00f3n feminista y reivindicativa del papel de la mujer dentro de","protected":false},"author":1,"featured_media":0,"parent":2067,"menu_order":0,"comment_status":"closed","ping_status":"closed","template":"","meta":[],"_links":{"self":[{"href":"http:\/\/coraldecamaradenavarra.com\/index.php?rest_route=\/wp\/v2\/pages\/2126"}],"collection":[{"href":"http:\/\/coraldecamaradenavarra.com\/index.php?rest_route=\/wp\/v2\/pages"}],"about":[{"href":"http:\/\/coraldecamaradenavarra.com\/index.php?rest_route=\/wp\/v2\/types\/page"}],"author":[{"embeddable":true,"href":"http:\/\/coraldecamaradenavarra.com\/index.php?rest_route=\/wp\/v2\/users\/1"}],"replies":[{"embeddable":true,"href":"http:\/\/coraldecamaradenavarra.com\/index.php?rest_route=%2Fwp%2Fv2%2Fcomments&post=2126"}],"version-history":[{"count":4,"href":"http:\/\/coraldecamaradenavarra.com\/index.php?rest_route=\/wp\/v2\/pages\/2126\/revisions"}],"predecessor-version":[{"id":2203,"href":"http:\/\/coraldecamaradenavarra.com\/index.php?rest_route=\/wp\/v2\/pages\/2126\/revisions\/2203"}],"up":[{"embeddable":true,"href":"http:\/\/coraldecamaradenavarra.com\/index.php?rest_route=\/wp\/v2\/pages\/2067"}],"wp:attachment":[{"href":"http:\/\/coraldecamaradenavarra.com\/index.php?rest_route=%2Fwp%2Fv2%2Fmedia&parent=2126"}],"curies":[{"name":"wp","href":"https:\/\/api.w.org\/{rel}","templated":true}]}}