{"id":1797,"date":"2016-03-21T10:43:59","date_gmt":"2016-03-21T10:43:59","guid":{"rendered":"http:\/\/www.sogimifi.dns-privadas.es\/?page_id=1797"},"modified":"2024-12-21T16:27:10","modified_gmt":"2024-12-21T16:27:10","slug":"mecna","status":"publish","type":"page","link":"http:\/\/coraldecamaradenavarra.com\/?page_id=1797&lang=es","title":{"rendered":"MECNA"},"content":{"rendered":"<div class=\"vc_row wpb_row vc_row-fluid\"><div class=\"container\"><div class=\"row\"><div class=\"wpb_column vc_column_container vc_col-sm-12\"><div class=\"wpb_wrapper\">\n\t<div class=\"wpb_text_column wpb_content_element \">\n\t\t<div class=\"wpb_wrapper\">\n\t\t\t<iframe  id=\"_ytid_98347\" width=\"970\" height=\"546\"  data-origwidth=\"970\" data-origheight=\"546\"  src=\"https:\/\/www.youtube.com\/embed\/-VR2qvLRUmU?enablejsapi=1&autoplay=0&cc_load_policy=0&iv_load_policy=1&loop=0&modestbranding=1&rel=1&fs=1&playsinline=0&autohide=2&theme=dark&color=red&controls=1&\" class=\"__youtube_prefs__\" title=\"YouTube player\"  allow=\"autoplay; encrypted-media\" allowfullscreen data-no-lazy=\"1\" data-skipgform_ajax_framebjll=\"\"><\/iframe>\n\n\t\t<\/div> \n\t<\/div> <\/div><\/div><\/div><\/div><\/div><div class=\"vc_row wpb_row vc_row-fluid\"><div class=\"nocontainer\"><div class=\"wpb_column vc_column_container vc_col-sm-12\"><div class=\"wpb_wrapper\"><div class=\"vc_separator wpb_content_element vc_separator_align_center vc_sep_width_100 vc_sep_dotted vc_sep_pos_align_center vc_separator_no_text vc_sep_color_grey\"><span\n\t\tclass=\"vc_sep_holder vc_sep_holder_l\"><span\t\t\tclass=\"vc_sep_line\"><\/span><\/span><span\n\t\tclass=\"vc_sep_holder vc_sep_holder_r\"><span class=\"vc_sep_line\"><\/span><\/span>\n\t<\/div>\n<\/div><\/div><\/div><\/div><div class=\"vc_row wpb_row vc_row-fluid vc_custom_1541490403531\"><div class=\"nocontainer\"><div class=\"wpb_column vc_column_container vc_col-sm-3\"><div class=\"wpb_wrapper\">\n\t<div class=\"wpb_text_column wpb_content_element \">\n\t\t<div class=\"wpb_wrapper\">\n\t\t\t\n\t\t<\/div> \n\t<\/div> <br \/>\n<\/div><\/div><div class=\"wpb_column vc_column_container vc_col-sm-9\"><div class=\"wpb_wrapper\">\n\t<div class=\"wpb_text_column wpb_content_element \">\n\t\t<div class=\"wpb_wrapper\">\n\t\t\t<p class=\"p2\">La nueva Ley de Mecenazgo Cultural de Navarra establece un <b>nuevo modelo<\/b> de colaboraci\u00f3n p\u00fablico-privada para la realizaci\u00f3n de proyectos o actividades culturales. Entidades y artistas pueden optar a la distinci\u00f3n <b>MECNA,<\/b> que concede el Gobierno de Navarra a las iniciativas culturales y art\u00edsticas de inter\u00e9s social. Y los particulares y las empresas que las apoyen cuentan con <b>importantes incentivos fiscales.<\/b><\/p>\n<p class=\"p2\">MECNA reconoce el compromiso de la ciudadan\u00eda, el empresariado y la sociedad con la promoci\u00f3n y financiaci\u00f3n de la cultura. La <b>TEMPORADA<\/b> ENCANTANDO, como proyecto, es distinci\u00f3n MECNA. Por ello, pedimos t\u00fa apoyo.<\/p>\n<p class=\"p2\">Las personas f\u00edsicas tendr\u00e1n derecho a deducir de la cuota del Impuesto sobre la Renta de las Personas F\u00edsicas el 80% de los primeros 150\u20ac en que se valoren las donaciones, los pr\u00e9stamos de uso y las cantidades satisfechas y gastos realizados en virtud de convenios de colaboraci\u00f3n. A partir de los primeros 150\u20ac, se tendr\u00e1 derecho a una deducci\u00f3n del 40%.<\/p>\n\n\t\t<\/div> \n\t<\/div> <\/div><\/div><\/div><\/div><div class=\"vc_row wpb_row vc_row-fluid vc_custom_1541836721250\"><div class=\"nocontainer\"><div class=\"wpb_column vc_column_container vc_col-sm-3\"><div class=\"wpb_wrapper\">\n\t<div class=\"wpb_text_column wpb_content_element \">\n\t\t<div class=\"wpb_wrapper\">\n\t\t\t<p><\/p>\n\n\t\t<\/div> \n\t<\/div> <\/div><\/div><div class=\"wpb_column vc_column_container vc_col-sm-9\"><div class=\"wpb_wrapper\"><div class=\"vc_separator wpb_content_element vc_separator_align_center vc_sep_width_100 vc_sep_pos_align_center vc_separator_no_text\"><span\n\t\tclass=\"vc_sep_holder vc_sep_holder_l\"><span style=\"border-color:#dd3333;\"\t\t\tclass=\"vc_sep_line\"><\/span><\/span><span\n\t\tclass=\"vc_sep_holder vc_sep_holder_r\"><span style=\"border-color:#dd3333;\" class=\"vc_sep_line\"><\/span><\/span>\n\t<\/div>\n<div class=\"vc_row wpb_row vc_inner vc_row-fluid\"><\/div><div class=\"wpb_column vc_column_container vc_col-sm-6\"><div class=\"wpb_wrapper\"><\/div><\/div>\n\t<div class=\"wpb_text_column wpb_content_element \">\n\t\t<div class=\"wpb_wrapper\">\n\t\t\t<h3 class=\"p3\"><span style=\"color: #ff0000;\"><b>EJEMPLO PARA UNA DONACI\u00d3N DE 200\u20ac<\/b><\/span><\/h3>\n<ul>\n<li>Primeros 150\u20ac (deducci\u00f3n del 80% = 120\u20ac)<\/li>\n<li>Resto: 50\u20ac (deducci\u00f3n del 40% = 20\u20ac)<br \/>\n<span style=\"color: #000000;\"><b>Total Deducci\u00f3n: 120\u20ac + 20\u20ac = 140\u20ac<\/b><\/span><\/li>\n<\/ul>\n<div class=\"vc_separator wpb_content_element vc_separator_align_center vc_sep_width_100 vc_sep_pos_align_center vc_separator_no_text\"><span\n\t\tclass=\"vc_sep_holder vc_sep_holder_l\"><span style=\"border-color:#ffffff;\"\t\t\tclass=\"vc_sep_line\"><\/span><\/span><span\n\t\tclass=\"vc_sep_holder vc_sep_holder_r\"><span style=\"border-color:#ffffff;\" class=\"vc_sep_line\"><\/span><\/span>\n\t<\/div>\n<div class=\"vc_separator wpb_content_element vc_separator_align_center vc_sep_width_100 vc_sep_pos_align_center vc_separator_no_text\"><span\n\t\tclass=\"vc_sep_holder vc_sep_holder_l\"><span style=\"border-color:#dd3333;\"\t\t\tclass=\"vc_sep_line\"><\/span><\/span><span\n\t\tclass=\"vc_sep_holder vc_sep_holder_r\"><span style=\"border-color:#dd3333;\" class=\"vc_sep_line\"><\/span><\/span>\n\t<\/div>\n<h4 class=\"p5\"><strong>\u00bfQU\u00c9 TENGO QUE HACER PARA PARTICIPAR Y SER MECENAS DE LA CCN?<\/strong><\/h4>\n<ol>\n<li><span style=\"color: #000000;\">Antes del 31 de Diciembre de 2024, hacer una <strong>transferencia <\/strong>a nombre de la Coral de<\/span><br \/>\n<span style=\"color: #000000;\">C\u00e1mara de Navarra a la cuenta con el siguiente IBAN: <strong>ES07 3008 0001 1745 0800 7020<\/strong>.\u00a0<\/span><\/li>\n<li><span style=\"color: #000000;\">En el Concepto de la transferencia, <strong>especifica \u201cDonaci\u00f3n\u201d<\/strong> y te pedimos tambi\u00e9n que pongas a<\/span><br \/>\n<span style=\"color: #000000;\">continuaci\u00f3n <strong>tu nombre, 2 apellidos y DNI<\/strong> (esto nos ayudar\u00e1 a identificarte).<\/span><\/p>\n<ul>\n<li><span style=\"color: #000000;\">Ejemplo de concepto: Donaci\u00f3n MECNA Pedro P\u00e9rez G\u00f3mez DNI 76543210F<\/span><\/li>\n<\/ul>\n<\/li>\n<\/ol>\n<p>Recuerda que hasta un m\u00e1ximo de 150\u20ac, la deducci\u00f3n del IRPF ser\u00e1 del 80%. Es decir, si donas 150\u20ac, Hacienda te deducir\u00e1 120\u20ac de tus impuestos a pagar en tu pr\u00f3xima declaraci\u00f3n.<\/p>\n<div class=\"vc_separator wpb_content_element vc_separator_align_center vc_sep_width_100 vc_sep_dotted vc_sep_pos_align_center vc_separator_no_text\"><span\n\t\tclass=\"vc_sep_holder vc_sep_holder_l\"><span style=\"border-color:#dd3333;\"\t\t\tclass=\"vc_sep_line\"><\/span><\/span><span\n\t\tclass=\"vc_sep_holder vc_sep_holder_r\"><span style=\"border-color:#dd3333;\" class=\"vc_sep_line\"><\/span><\/span>\n\t<\/div>\n\n<h4 class=\"p1\"><strong>\u00bfTENGO QUE HACER ALGO PARA JUSTIFICAR MI DONACI\u00d3N ANTE LA HACIENDA FORAL Y OBTENER LA DEDUCCI\u00d3N?<\/strong><\/h4>\n<ul>\n<li>No tienes que hacer nada m\u00e1s. La Coral de C\u00e1mara de Navarra informar\u00e1 a la Hacienda Foral de la cuant\u00eda de la donaci\u00f3n y de tus datos, de manera que Hacienda te deduzca ya el importe correspondiente en tu declaraci\u00f3n.<\/li>\n<li>Si necesitas por cualquier motivo un certificado de esta donaci\u00f3n, nos puedes escribir un correo a<br \/>\n<strong>mecenazgo@coraldecamaradenavarra.com<\/strong> y te lo haremos llegar.<\/li>\n<\/ul>\n<div class=\"vc_separator wpb_content_element vc_separator_align_center vc_sep_width_100 vc_sep_dotted vc_sep_pos_align_center vc_separator_no_text\"><span\n\t\tclass=\"vc_sep_holder vc_sep_holder_l\"><span style=\"border-color:#dd3333;\"\t\t\tclass=\"vc_sep_line\"><\/span><\/span><span\n\t\tclass=\"vc_sep_holder vc_sep_holder_r\"><span style=\"border-color:#dd3333;\" class=\"vc_sep_line\"><\/span><\/span>\n\t<\/div>\n\n<h4><strong>\u00bfC\u00d3MO SE OBTIENE LA DEDUCCI\u00d3N DE IMPUESTOS?<\/strong><\/h4>\n<ul>\n<li>La deducci\u00f3n te ser\u00e1 aplicada en tu pr\u00f3xima declaraci\u00f3n de IRPF.<\/li>\n<li>Un par de ejemplos: si en tu declaraci\u00f3n de la renta deber\u00edas pagar 1000\u20ac de impuestos y has hecho una donaci\u00f3n de 150\u20ac a la Coral, y esa es tu \u00fanica donaci\u00f3n en el a\u00f1o a un proyecto MECNA, entonces tendr\u00edas que pagar \u00fanicamente 880\u20ac. Si por el contrario la declaraci\u00f3n saliese \u201ca devolver\u201d 300\u20ac y has hecho la misma donaci\u00f3n, entonces te devolver\u00edan 420\u20ac (siempre que hayas pagado impuestos y por tanto los puedas deducir).<\/li>\n<li>Es importante especificar que si no percibes ingresos o si no pagas nada de IRPF, no tienes derecho a deducciones. Consulta a un asesor fiscal si tienes dudas sobre tu caso particular.<\/li>\n<\/ul>\n\n\t\t<\/div> \n\t<\/div> <div class=\"vc_separator wpb_content_element vc_separator_align_center vc_sep_width_100 vc_sep_dotted vc_sep_pos_align_center vc_separator_no_text\"><span\n\t\tclass=\"vc_sep_holder vc_sep_holder_l\"><span style=\"border-color:#dd3333;\"\t\t\tclass=\"vc_sep_line\"><\/span><\/span><span\n\t\tclass=\"vc_sep_holder vc_sep_holder_r\"><span style=\"border-color:#dd3333;\" class=\"vc_sep_line\"><\/span><\/span>\n\t<\/div>\n<\/div><\/div><\/div><\/div><div class=\"vc_row wpb_row vc_row-fluid\"><div class=\"nocontainer\"><div class=\"wpb_column vc_column_container vc_col-sm-3\"><div class=\"wpb_wrapper\">\n\t<div class=\"wpb_text_column wpb_content_element \">\n\t\t<div class=\"wpb_wrapper\">\n\t\t\t<p><\/p>\n\n\t\t<\/div> \n\t<\/div> <\/div><\/div><div class=\"wpb_column vc_column_container vc_col-sm-9\"><div class=\"wpb_wrapper\"><div class=\"vc_row wpb_row vc_inner vc_row-fluid\"><div class=\"wpb_column vc_column_container vc_col-sm-6\"><div class=\"wpb_wrapper\">\n\t<div class=\"wpb_single_image wpb_content_element vc_align_center\">\n\t\t<div class=\"wpb_wrapper\">\n\t\t\t\n\t\t\t<div class=\"vc_single_image-wrapper vc_box_rounded  vc_box_border_grey\"><img class=\"vc_single_image-img \" src=\"http:\/\/coraldecamaradenavarra.com\/wp-content\/uploads\/2016\/03\/mecna-150x150.png\" width=\"150\" height=\"150\" alt=\"mecna\" title=\"mecna\"\" \/><\/div>\n\t\t<\/div> \n\t<\/div> <\/div><\/div><div class=\"wpb_column vc_column_container vc_col-sm-6\"><div class=\"wpb_wrapper\">\n\t<div class=\"wpb_single_image wpb_content_element vc_align_center\">\n\t\t<div class=\"wpb_wrapper\">\n\t\t\t\n\t\t\t<div class=\"vc_single_image-wrapper vc_box_rounded  vc_box_border_grey\"><img class=\"vc_single_image-img \" src=\"http:\/\/coraldecamaradenavarra.com\/wp-content\/uploads\/2012\/04\/logosocios-380x120.jpg\" width=\"380\" height=\"120\" alt=\"logosocios\" title=\"logosocios\"\" \/><\/div>\n\t\t<\/div> \n\t<\/div> <\/div><\/div><\/div><\/div><\/div><\/div><\/div><div class=\"vc_row wpb_row vc_row-fluid vc_custom_1541490997299\"><div class=\"nocontainer\"><\/div><\/div><div class=\"wpb_column vc_column_container vc_col-sm-3\"><div class=\"wpb_wrapper\">\n\t<div class=\"wpb_text_column wpb_content_element \">\n\t\t<div class=\"wpb_wrapper\">\n\t\t\t<p><\/p>\n\n\t\t<\/div> \n\t<\/div> <\/div><\/div><div class=\"wpb_column vc_column_container vc_col-sm-9\"><div class=\"wpb_wrapper\"><\/div><\/div><div class=\"vc_separator wpb_content_element vc_separator_align_center vc_sep_width_100 vc_sep_dotted vc_sep_pos_align_center vc_separator_no_text\"><span\n\t\tclass=\"vc_sep_holder vc_sep_holder_l\"><span style=\"border-color:#dd3333;\"\t\t\tclass=\"vc_sep_line\"><\/span><\/span><span\n\t\tclass=\"vc_sep_holder vc_sep_holder_r\"><span style=\"border-color:#dd3333;\" class=\"vc_sep_line\"><\/span><\/span>\n\t<\/div>\n<h3 style=\"text-align: center;\"><strong>Aquellos que colaboren como mecenas ser\u00e1n considerados como socios de n\u00famero de la Coral de C\u00e1mara de Navarra durante el a\u00f1o de la aportaci\u00f3n realizada.<\/strong><\/h3>\n","protected":false},"excerpt":{"rendered":"<p>Aquellos que colaboren como mecenas ser\u00e1n considerados como socios de n\u00famero de la Coral de C\u00e1mara de Navarra durante el a\u00f1o de la aportaci\u00f3n realizada.<\/p>\n","protected":false},"author":1,"featured_media":0,"parent":0,"menu_order":0,"comment_status":"closed","ping_status":"closed","template":"","meta":[],"_links":{"self":[{"href":"http:\/\/coraldecamaradenavarra.com\/index.php?rest_route=\/wp\/v2\/pages\/1797"}],"collection":[{"href":"http:\/\/coraldecamaradenavarra.com\/index.php?rest_route=\/wp\/v2\/pages"}],"about":[{"href":"http:\/\/coraldecamaradenavarra.com\/index.php?rest_route=\/wp\/v2\/types\/page"}],"author":[{"embeddable":true,"href":"http:\/\/coraldecamaradenavarra.com\/index.php?rest_route=\/wp\/v2\/users\/1"}],"replies":[{"embeddable":true,"href":"http:\/\/coraldecamaradenavarra.com\/index.php?rest_route=%2Fwp%2Fv2%2Fcomments&post=1797"}],"version-history":[{"count":81,"href":"http:\/\/coraldecamaradenavarra.com\/index.php?rest_route=\/wp\/v2\/pages\/1797\/revisions"}],"predecessor-version":[{"id":3539,"href":"http:\/\/coraldecamaradenavarra.com\/index.php?rest_route=\/wp\/v2\/pages\/1797\/revisions\/3539"}],"wp:attachment":[{"href":"http:\/\/coraldecamaradenavarra.com\/index.php?rest_route=%2Fwp%2Fv2%2Fmedia&parent=1797"}],"curies":[{"name":"wp","href":"https:\/\/api.w.org\/{rel}","templated":true}]}}