{"id":1637,"date":"2016-03-15T15:55:38","date_gmt":"2016-03-15T15:55:38","guid":{"rendered":"http:\/\/www.sogimifi.dns-privadas.es\/?page_id=1637"},"modified":"2019-09-24T17:13:06","modified_gmt":"2019-09-24T17:13:06","slug":"componentes","status":"publish","type":"page","link":"http:\/\/coraldecamaradenavarra.com\/?page_id=1637&lang=es","title":{"rendered":"Componentes"},"content":{"rendered":"<div class=\"vc_row wpb_row vc_row-fluid\"><div class=\"nocontainer\"><div class=\"wpb_column vc_column_container vc_col-sm-4\"><div class=\"wpb_wrapper\">\n\t<div class=\"wpb_text_column wpb_content_element \">\n\t\t<div class=\"wpb_wrapper\">\n\t\t\t<h1><span style=\"color: #ff0000;\">En la actualidad Jazzy Leap cuenta con una plantilla de unos 30 cantantes. Para el proyecto Encantando 19\/20 y dependiendo del programa participar\u00e1n los siguientes componentes:<\/span><\/h1>\n\n\t\t<\/div> \n\t<\/div> <\/div><\/div><div class=\"wpb_column vc_column_container vc_col-sm-4\"><div class=\"wpb_wrapper\">\n\t<div class=\"wpb_text_column wpb_content_element \">\n\t\t<div class=\"wpb_wrapper\">\n\t\t\t<p><strong>SUBDIRECTORA<\/strong><br \/>\nErika Im\u00edzcoz<\/p>\n<p><strong>SOPRANOS I<\/strong><\/p>\n<p><strong>Ana Irigoien<\/strong><br \/>\nSusana Armend\u00e1riz<br \/>\nSandra Castrejana<br \/>\nMaialen Pascual<\/p>\n<p><strong>SOPRANOS II<\/strong><\/p>\n<p><strong>Bego\u00f1a Garc\u00eda<\/strong><br \/>\n<strong> Erika Im\u00edzcoz<\/strong> (jefa de cuerda)<br \/>\nSarai Eugui<br \/>\nMaider Irazabal<br \/>\nMarta Senosiain<\/p>\n<p><strong>ALTOS I <\/strong><br \/>\nClara de Birrun<br \/>\nElena D\u00e1vila<br \/>\nInga Movsesyan<br \/>\nIsabel Rangel<br \/>\nCecilia Hern\u00e1ndez<\/p>\n\n\t\t<\/div> \n\t<\/div> <\/div><\/div><div class=\"wpb_column vc_column_container vc_col-sm-4\"><div class=\"wpb_wrapper\">\n\t<div class=\"wpb_text_column wpb_content_element \">\n\t\t<div class=\"wpb_wrapper\">\n\t\t\t<p><strong>ALTOS II<\/strong><br \/>\n<strong>Maria Jes\u00fas Abaigar<\/strong> (jefa de cuerda)<br \/>\nEstrella Miqueleiz<br \/>\nLourdes Pasquel<br \/>\nPaula Tellechea<br \/>\nPilar Sot\u00e9s<\/p>\n<p><strong>TENORES I <\/strong><br \/>\n<strong>Alex Mart\u00ednez<\/strong> (jefe de cuerda)<br \/>\n<strong>Daniel Lanz<\/strong><br \/>\nJavier Madoz<\/p>\n<p><strong>TENORES II<\/strong><br \/>\nImanol Azpiroz<br \/>\nXabier Piudo<br \/>\nJoel Ribeiro<\/p>\n<p><strong>BAR\u00cdTONOS <\/strong><br \/>\n<strong>Asier Arcilla<\/strong> (jefe de cuerda)<br \/>\n<strong>Luis Miguel Torres<\/strong><br \/>\nKike Vidal<\/p>\n<p><strong>BAJOS<\/strong><br \/>\nMikel Elizaga<\/p>\n\n\t\t<\/div> \n\t<\/div> <\/div><\/div><\/div><\/div><div class=\"vc_row wpb_row vc_row-fluid\"><div class=\"nocontainer\"><div class=\"wpb_column vc_column_container vc_col-sm-12\"><div class=\"wpb_wrapper\">\n\t<div class=\"wpb_text_column wpb_content_element \">\n\t\t<div class=\"wpb_wrapper\">\n\t\t\t<p>En situaci\u00f3n de \u00abexcedencia\u00bb: Maitane Urreta y Mikel R\u00edpodas.<br \/>\nColaboradores puntuales: Arantza Lanz, Mar\u00eda Basterra, Jorge Senosiain, Aritz Azparren y Arantxa D\u00edaz.<\/p>\n<p><strong>Plantilla Jazzy Leap Band 2019\/2020<\/strong><\/p>\n<p>Andoni Arcilla: Piano, voz, direcci\u00f3n y arreglos<br \/>\nAlberto Arteta: Saxofones tenor y soprano<br \/>\nAlejandro Mingot: Guitarras<br \/>\n\u00d3scar Mu\u00f1oz: Bajo el\u00e9ctrico<br \/>\nJuanma Urriza: Bater\u00eda y peque\u00f1a percusi\u00f3n<\/p>\n\n\t\t<\/div> \n\t<\/div> <\/div><\/div><\/div><\/div>\n","protected":false},"excerpt":{"rendered":"En la actualidad Jazzy Leap cuenta con una plantilla de unos 30 cantantes. Para el proyecto Encantando 19\/20 y dependiendo del programa participar\u00e1n los siguientes componentes: SUBDIRECTORA Erika Im\u00edzcoz SOPRANOS I Ana Irigoien Susana Armend\u00e1riz Sandra Castrejana Maialen Pascual SOPRANOS II Bego\u00f1a Garc\u00eda Erika Im\u00edzcoz (jefa de cuerda) Sarai Eugui Maider Irazabal Marta Senosiain ALTOS I Clara de Birrun Elena","protected":false},"author":1,"featured_media":0,"parent":1647,"menu_order":0,"comment_status":"closed","ping_status":"closed","template":"","meta":[],"_links":{"self":[{"href":"http:\/\/coraldecamaradenavarra.com\/index.php?rest_route=\/wp\/v2\/pages\/1637"}],"collection":[{"href":"http:\/\/coraldecamaradenavarra.com\/index.php?rest_route=\/wp\/v2\/pages"}],"about":[{"href":"http:\/\/coraldecamaradenavarra.com\/index.php?rest_route=\/wp\/v2\/types\/page"}],"author":[{"embeddable":true,"href":"http:\/\/coraldecamaradenavarra.com\/index.php?rest_route=\/wp\/v2\/users\/1"}],"replies":[{"embeddable":true,"href":"http:\/\/coraldecamaradenavarra.com\/index.php?rest_route=%2Fwp%2Fv2%2Fcomments&post=1637"}],"version-history":[{"count":12,"href":"http:\/\/coraldecamaradenavarra.com\/index.php?rest_route=\/wp\/v2\/pages\/1637\/revisions"}],"predecessor-version":[{"id":2686,"href":"http:\/\/coraldecamaradenavarra.com\/index.php?rest_route=\/wp\/v2\/pages\/1637\/revisions\/2686"}],"up":[{"embeddable":true,"href":"http:\/\/coraldecamaradenavarra.com\/index.php?rest_route=\/wp\/v2\/pages\/1647"}],"wp:attachment":[{"href":"http:\/\/coraldecamaradenavarra.com\/index.php?rest_route=%2Fwp%2Fv2%2Fmedia&parent=1637"}],"curies":[{"name":"wp","href":"https:\/\/api.w.org\/{rel}","templated":true}]}}